{"id":1117,"date":"2024-01-25T09:25:31","date_gmt":"2024-01-25T08:25:31","guid":{"rendered":"https:\/\/feinwerk.kopfmedia.systems\/formation-professionelle\/"},"modified":"2025-12-04T10:24:31","modified_gmt":"2025-12-04T09:24:31","slug":"formation-professionelle","status":"publish","type":"page","link":"https:\/\/www.feinwerk-technologies.de\/fr\/formation-professionelle\/","title":{"rendered":"formation professionelle"},"content":{"rendered":"<p>[et_pb_section fb_built=&#8221;1&#8243; _builder_version=&#8221;4.24.0&#8243; _module_preset=&#8221;default&#8221; custom_margin=&#8221;||||false|false&#8221; global_colors_info=&#8221;{}&#8221;][et_pb_row make_equal=&#8221;on&#8221; _builder_version=&#8221;4.24.1&#8243; _module_preset=&#8221;default&#8221; min_height=&#8221;unset&#8221; custom_margin=&#8221;100px||||false|false&#8221; custom_padding=&#8221;45px|45px|45px|45px|true|true&#8221; global_colors_info=&#8221;{}&#8221;][et_pb_column type=&#8221;4_4&#8243; _builder_version=&#8221;4.24.0&#8243; _module_preset=&#8221;default&#8221; custom_css_main_element=&#8221;margin: auto;&#8221; global_colors_info=&#8221;{}&#8221;][et_pb_text _builder_version=&#8221;4.24.1&#8243; _module_preset=&#8221;default&#8221; header_text_color=&#8221;gcid-5ea6f707-7589-495b-ac14-f55a09689654&#8243; global_colors_info=&#8221;{%22gcid-5ea6f707-7589-495b-ac14-f55a09689654%22:%91%22header_text_color%22%93}&#8221;]<\/p>\n<h1 style=\"text-align: center;\">Formation professionnelle chez feinwerk<\/h1>\n<p>[\/et_pb_text][\/et_pb_column][\/et_pb_row][\/et_pb_section][et_pb_section fb_built=&#8221;1&#8243; _builder_version=&#8221;4.24.0&#8243; _module_preset=&#8221;default&#8221; global_colors_info=&#8221;{}&#8221;][et_pb_row column_structure=&#8221;1_2,1_2&#8243; _builder_version=&#8221;4.24.0&#8243; _module_preset=&#8221;default&#8221; global_colors_info=&#8221;{}&#8221;][et_pb_column type=&#8221;1_2&#8243; _builder_version=&#8221;4.24.0&#8243; _module_preset=&#8221;default&#8221; global_colors_info=&#8221;{}&#8221;][et_pb_text _builder_version=&#8221;4.24.0&#8243; _module_preset=&#8221;default&#8221; custom_margin=&#8221;||10px||false|false&#8221; global_colors_info=&#8221;{}&#8221;]<\/p>\n<h2>Commence ta carri\u00e8re chez feinwerk.<br \/>Nous vivons le travail du m\u00e9tal.<\/h2>\n<p>[\/et_pb_text][et_pb_text _builder_version=&#8221;4.24.0&#8243; _module_preset=&#8221;default&#8221; header_5_text_color=&#8221;gcid-5ea6f707-7589-495b-ac14-f55a09689654&#8243; global_colors_info=&#8221;{%22gcid-5ea6f707-7589-495b-ac14-f55a09689654%22:%91%22header_5_text_color%22%93}&#8221;]<\/p>\n<h5>#Carri\u00e8re #Industrie m\u00e9tallurgique<\/h5>\n<p>[\/et_pb_text][\/et_pb_column][et_pb_column type=&#8221;1_2&#8243; _builder_version=&#8221;4.24.0&#8243; _module_preset=&#8221;default&#8221; global_colors_info=&#8221;{}&#8221;][et_pb_text _builder_version=&#8221;4.24.0&#8243; _module_preset=&#8221;default&#8221; global_colors_info=&#8221;{}&#8221;]<\/p>\n<p>Chez Feinwerk Technologies, nous t&#8217;ouvrons les portes d&#8217;un avenir professionnel prometteur. Nous offrons aux jeunes talents engag\u00e9s la possibilit\u00e9 de poser la premi\u00e8re pierre de ton succ\u00e8s personnel et professionnel gr\u00e2ce \u00e0 une formation approfondie dans des m\u00e9tiers techniques et commerciaux ou gr\u00e2ce \u00e0 des \u00e9tudes en alternance ax\u00e9es sur la pratique.<\/p>\n<p>[\/et_pb_text][\/et_pb_column][\/et_pb_row][et_pb_row make_equal=&#8221;on&#8221; _builder_version=&#8221;4.24.0&#8243; _module_preset=&#8221;default&#8221; global_colors_info=&#8221;{}&#8221;][et_pb_column type=&#8221;4_4&#8243; _builder_version=&#8221;4.24.0&#8243; _module_preset=&#8221;default&#8221; custom_css_main_element=&#8221;margin:auto;&#8221; global_colors_info=&#8221;{}&#8221;][et_pb_code _builder_version=&#8221;4.27.4&#8243; _module_preset=&#8221;default&#8221; background_image=&#8221;https:\/\/www.feinwerk-technologies.de\/wp-content\/uploads\/2024\/01\/kopfmedia_feinwerk_karriere.webp&#8221; height=&#8221;600px&#8221; hover_enabled=&#8221;0&#8243; border_radii=&#8221;on|10px|10px|10px|10px&#8221; global_colors_info=&#8221;{}&#8221; dvmd_acat_aria_label=&#8221;Un employ\u00e9 de Feinwerk Technologies utilise une machine sp\u00e9ciale pour la fabrication pr\u00e9cise de composants dans un hall de production lumineux.&#8221; sticky_enabled=&#8221;0&#8243;][\/et_pb_code][\/et_pb_column][\/et_pb_row][\/et_pb_section][et_pb_section fb_built=&#8221;1&#8243; _builder_version=&#8221;4.24.0&#8243; _module_preset=&#8221;default&#8221; global_colors_info=&#8221;{}&#8221;][et_pb_row column_structure=&#8221;1_2,1_2&#8243; _builder_version=&#8221;4.24.0&#8243; _module_preset=&#8221;default&#8221; global_colors_info=&#8221;{}&#8221;][et_pb_column type=&#8221;1_2&#8243; _builder_version=&#8221;4.24.0&#8243; _module_preset=&#8221;default&#8221; global_colors_info=&#8221;{}&#8221;][et_pb_text _builder_version=&#8221;4.24.0&#8243; _module_preset=&#8221;default&#8221; custom_margin=&#8221;||10px||false|false&#8221; global_colors_info=&#8221;{}&#8221;]<\/p>\n<h2>Passionn\u00e9 par la technique et le m\u00e9tal dans le sang ? <br \/>Commence ta carri\u00e8re chez nous !<\/h2>\n<p>[\/et_pb_text][et_pb_text _builder_version=&#8221;4.24.0&#8243; _module_preset=&#8221;default&#8221; header_5_text_color=&#8221;gcid-5ea6f707-7589-495b-ac14-f55a09689654&#8243; global_colors_info=&#8221;{%22gcid-5ea6f707-7589-495b-ac14-f55a09689654%22:%91%22header_5_text_color%22%93}&#8221;]<\/p>\n<h5>#Une\u00c9quipe #FeinwerkFamily<\/h5>\n<p>[\/et_pb_text][\/et_pb_column][et_pb_column type=&#8221;1_2&#8243; _builder_version=&#8221;4.24.0&#8243; _module_preset=&#8221;default&#8221; global_colors_info=&#8221;{}&#8221;][et_pb_text _builder_version=&#8221;4.24.0&#8243; _module_preset=&#8221;default&#8221; global_colors_info=&#8221;{}&#8221;]<\/p>\n<p>Chez Feinwerk Technologies, tu ne fais pas seulement partie d&#8217;une \u00e9quipe, mais aussi d&#8217;une culture d&#8217;entreprise qui porte haut des valeurs telles que l&#8217;innovation, l&#8217;esprit d&#8217;\u00e9quipe et le d\u00e9veloppement continu. Nous te soutenons \u00e0 chaque \u00e9tape de ta formation, te proposons un soutien individuel et t&#8217;ouvrons des perspectives pour ton avenir professionnel.<\/p>\n<p>[\/et_pb_text][\/et_pb_column][\/et_pb_row][\/et_pb_section][et_pb_section fb_built=&#8221;1&#8243; _builder_version=&#8221;4.24.0&#8243; _module_preset=&#8221;default&#8221; custom_margin=&#8221;||||false|false&#8221; global_colors_info=&#8221;{}&#8221;][et_pb_row column_structure=&#8221;1_2,1_2&#8243; make_equal=&#8221;on&#8221; _builder_version=&#8221;4.24.1&#8243; _module_preset=&#8221;default&#8221; background_color=&#8221;gcid-900d4a25-5d4d-4445-b994-67d8dc7f68c1&#8243; custom_margin=&#8221;||||false|false&#8221; custom_padding=&#8221;|45px|0px|45px|false|true&#8221; border_radii=&#8221;on|10px|10px|10px|10px&#8221; global_colors_info=&#8221;{%22gcid-900d4a25-5d4d-4445-b994-67d8dc7f68c1%22:%91%22background_color%22%93}&#8221;][et_pb_column type=&#8221;1_2&#8243; _builder_version=&#8221;4.24.1&#8243; _module_preset=&#8221;default&#8221; custom_padding=&#8221;40px||40px||true|false&#8221; custom_css_main_element=&#8221;margin: auto;&#8221; global_colors_info=&#8221;{}&#8221;][et_pb_text _builder_version=&#8221;4.24.0&#8243; _module_preset=&#8221;default&#8221; header_text_color=&#8221;gcid-5ea6f707-7589-495b-ac14-f55a09689654&#8243; global_colors_info=&#8221;{%22gcid-5ea6f707-7589-495b-ac14-f55a09689654%22:%91%22header_text_color%22%93}&#8221;]<\/p>\n<h2>Postulez d\u00e8s maintenant en seulement <br \/>quelques minutes sur notre<br \/>Plateforme de candidature !<\/h2>\n<p>[\/et_pb_text][et_pb_text _builder_version=&#8221;4.24.0&#8243; _module_preset=&#8221;default&#8221; link_option_url=&#8221;https:\/\/www.feinwerk-technologies.de\/fr\/plateforme-de-candidature\/&#8221; global_colors_info=&#8221;{}&#8221;]<a href=\"https:\/\/www.feinwerk-technologies.de\/fr\/plateforme-de-candidature\/\" class=\"btn-link dark\">Postuler maintenant<\/a>[\/et_pb_text][\/et_pb_column][et_pb_column type=&#8221;1_2&#8243; _builder_version=&#8221;4.24.1&#8243; _module_preset=&#8221;default&#8221; custom_padding=&#8221;||||false|false&#8221; custom_css_main_element=&#8221;margin: auto;&#8221; global_colors_info=&#8221;{}&#8221;][et_pb_code _builder_version=&#8221;4.27.4&#8243; _module_preset=&#8221;default&#8221; background_image=&#8221;https:\/\/www.feinwerk-technologies.de\/wp-content\/uploads\/2024\/01\/kopfmedia-feinwerk-form-preview.webp&#8221; background_position=&#8221;top_center&#8221; height=&#8221;600px&#8221; height_tablet=&#8221;400px&#8221; height_phone=&#8221;400px&#8221; height_last_edited=&#8221;on|tablet&#8221; hover_enabled=&#8221;0&#8243; border_radii=&#8221;off|10px|10px||&#8221; global_colors_info=&#8221;{}&#8221; dvmd_acat_aria_label=&#8221;Image Affiche une image de la plateforme de candidature de Feinwerk&#8221; sticky_enabled=&#8221;0&#8243;][\/et_pb_code][\/et_pb_column][\/et_pb_row][\/et_pb_section][et_pb_section fb_built=&#8221;1&#8243; _builder_version=&#8221;4.24.0&#8243; _module_preset=&#8221;default&#8221; global_colors_info=&#8221;{}&#8221;][et_pb_row column_structure=&#8221;1_2,1_2&#8243; _builder_version=&#8221;4.24.0&#8243; _module_preset=&#8221;default&#8221; global_colors_info=&#8221;{}&#8221;][et_pb_column type=&#8221;1_2&#8243; _builder_version=&#8221;4.24.0&#8243; _module_preset=&#8221;default&#8221; custom_css_main_element=&#8221;margin:auto;&#8221; global_colors_info=&#8221;{}&#8221;][et_pb_text _builder_version=&#8221;4.24.0&#8243; _module_preset=&#8221;default&#8221; custom_margin=&#8221;||-1px|||&#8221; global_colors_info=&#8221;{}&#8221;]<\/p>\n<h2>Combine th\u00e9orie et pratique avec des \u00e9tudes en alternance<\/h2>\n<p>[\/et_pb_text][\/et_pb_column][et_pb_column type=&#8221;1_2&#8243; _builder_version=&#8221;4.24.0&#8243; _module_preset=&#8221;default&#8221; custom_css_main_element=&#8221;margin:auto;&#8221; global_colors_info=&#8221;{}&#8221;][et_pb_text _builder_version=&#8221;4.24.0&#8243; _module_preset=&#8221;default&#8221; global_colors_info=&#8221;{}&#8221;]<\/p>\n<p>Si tu souhaites combiner des \u00e9tudes sup\u00e9rieures avec une exp\u00e9rience professionnelle pratique, notre programme d&#8217;\u00e9tudes en alternance est le choix parfait. En coop\u00e9ration avec des universit\u00e9s renomm\u00e9es, nous proposons des cursus qui associent l&#8217;apprentissage acad\u00e9mique \u00e0 des projets et des t\u00e2ches r\u00e9els dans notre entreprise. Tu peux ainsi mettre directement en pratique tes connaissances th\u00e9oriques.<\/p>\n<p>[\/et_pb_text][\/et_pb_column][\/et_pb_row][et_pb_row column_structure=&#8221;1_2,1_2&#8243; make_equal=&#8221;on&#8221; _builder_version=&#8221;4.24.1&#8243; _module_preset=&#8221;default&#8221; global_colors_info=&#8221;{}&#8221;][et_pb_column type=&#8221;1_2&#8243; _builder_version=&#8221;4.24.1&#8243; _module_preset=&#8221;default&#8221; custom_padding=&#8221;20px||20px||true|false&#8221; custom_css_main_element=&#8221;margin:auto;&#8221; global_colors_info=&#8221;{}&#8221;][et_pb_code _builder_version=&#8221;4.27.4&#8243; _module_preset=&#8221;default&#8221; background_image=&#8221;https:\/\/www.feinwerk-technologies.de\/wp-content\/uploads\/2024\/01\/kopfmedia-feinwerk-3-scaled.webp&#8221; height=&#8221;400px&#8221; hover_enabled=&#8221;0&#8243; border_radii=&#8221;on|10px|10px|10px|10px&#8221; global_colors_info=&#8221;{}&#8221; dvmd_acat_aria_label=&#8221;Un employ\u00e9 de Feinwerk Technologies d\u00e9place une pi\u00e8ce m\u00e9tallique lourde \u00e0 l&#8217;aide d&#8217;un pont roulant dans l&#8217;atelier de fabrication&#8221; sticky_enabled=&#8221;0&#8243;][\/et_pb_code][\/et_pb_column][et_pb_column type=&#8221;1_2&#8243; _builder_version=&#8221;4.24.1&#8243; _module_preset=&#8221;default&#8221; custom_padding=&#8221;20px||20px||true|false&#8221; custom_css_main_element=&#8221;margin:auto;&#8221; global_colors_info=&#8221;{}&#8221;][et_pb_code _builder_version=&#8221;4.24.1&#8243; _module_preset=&#8221;default&#8221; background_image=&#8221;https:\/\/www.feinwerk-technologies.de\/wp-content\/uploads\/2024\/01\/kopfmedia-feinwerk-2-scaled.webp&#8221; height=&#8221;400px&#8221; border_radii=&#8221;on|10px|10px|10px|10px&#8221; global_colors_info=&#8221;{}&#8221;][\/et_pb_code][\/et_pb_column][\/et_pb_row][\/et_pb_section][et_pb_section fb_built=&#8221;1&#8243; _builder_version=&#8221;4.24.0&#8243; _module_preset=&#8221;default&#8221; custom_margin=&#8221;||||false|false&#8221; global_colors_info=&#8221;{}&#8221;][et_pb_row column_structure=&#8221;1_2,1_2&#8243; make_equal=&#8221;on&#8221; _builder_version=&#8221;4.24.0&#8243; _module_preset=&#8221;default&#8221; custom_padding=&#8221;45px||45px||true|false&#8221; global_colors_info=&#8221;{}&#8221; border_radii__hover_enabled=&#8221;off|desktop&#8221;][et_pb_column type=&#8221;1_2&#8243; _builder_version=&#8221;4.24.0&#8243; _module_preset=&#8221;default&#8221; custom_css_main_element=&#8221;margin: auto;&#8221; global_colors_info=&#8221;{}&#8221;][et_pb_text _builder_version=&#8221;4.24.0&#8243; _module_preset=&#8221;default&#8221; header_5_text_color=&#8221;gcid-5ea6f707-7589-495b-ac14-f55a09689654&#8243; global_colors_info=&#8221;{%22gcid-5ea6f707-7589-495b-ac14-f55a09689654%22:%91%22header_5_text_color%22%93}&#8221;]<\/p>\n<h2>Quelques faits<\/h2>\n<h5>#Carri\u00e8re #Industrie m\u00e9tallurgique<\/h5>\n<p>[\/et_pb_text][\/et_pb_column][et_pb_column type=&#8221;1_2&#8243; _builder_version=&#8221;4.24.0&#8243; _module_preset=&#8221;default&#8221; custom_css_main_element=&#8221;margin: auto;&#8221; global_colors_info=&#8221;{}&#8221;][et_pb_code _builder_version=&#8221;4.24.0&#8243; _module_preset=&#8221;default&#8221; global_colors_info=&#8221;{}&#8221;]<\/p>\n<div class=\"badge-container\"><!-- [et_pb_line_break_holder] --><\/p>\n<div class=\"badge\"><span class=\"feinwerk-icon-shield\"><\/span><!-- [et_pb_line_break_holder] --><span>S\u00e9curit\u00e9 de l&#8217;emploi<\/span><\/div>\n<p><!-- [et_pb_line_break_holder] --><\/p>\n<div class=\"badge\"><span class=\"feinwerk-icon-euro\"><\/span><!-- [et_pb_line_break_holder] --><span>une r\u00e9mun\u00e9ration sup\u00e9rieure \u00e0 la moyenne et adapt\u00e9e aux prestations<\/span><\/div>\n<p><!-- [et_pb_line_break_holder] --><\/p>\n<div class=\"badge\"><span class=\"feinwerk-icon-check\"><\/span><!-- [et_pb_line_break_holder] --><span>entreprise moderne et en pleine expansion<\/span><\/div>\n<p><!-- [et_pb_line_break_holder] --><\/p>\n<div class=\"badge\"><span class=\"feinwerk-icon-user\"><\/span><!-- [et_pb_line_break_holder] --><span>plus de 70 employ\u00e9s<\/span><\/div>\n<p><!-- [et_pb_line_break_holder] --><\/p>\n<div class=\"badge\"><span class=\"feinwerk-icon-smile\"><\/span><!-- [et_pb_line_break_holder] --><span>une ambiance de travail familiale<\/span><\/div>\n<p><!-- [et_pb_line_break_holder] --><\/p>\n<div class=\"badge\"><span class=\"feinwerk-icon-check\"><\/span><!-- [et_pb_line_break_holder] --><span>une culture d&#8217;entreprise valorisante<\/span><\/div>\n<p><!-- [et_pb_line_break_holder] --><\/div>\n<p>[\/et_pb_code][\/et_pb_column][\/et_pb_row][\/et_pb_section][et_pb_section fb_built=&#8221;1&#8243; _builder_version=&#8221;4.24.0&#8243; _module_preset=&#8221;default&#8221; custom_margin=&#8221;||||false|false&#8221; global_colors_info=&#8221;{}&#8221;][et_pb_row make_equal=&#8221;on&#8221; _builder_version=&#8221;4.24.0&#8243; _module_preset=&#8221;default&#8221; global_colors_info=&#8221;{}&#8221;][et_pb_column type=&#8221;4_4&#8243; _builder_version=&#8221;4.24.0&#8243; _module_preset=&#8221;default&#8221; custom_css_main_element=&#8221;margin: auto;&#8221; global_colors_info=&#8221;{}&#8221;][et_pb_code _builder_version=&#8221;4.24.0&#8243; _module_preset=&#8221;default&#8221; global_colors_info=&#8221;{}&#8221;][\/et_pb_code][et_pb_code _builder_version=&#8221;4.27.4&#8243; _module_preset=&#8221;default&#8221; hover_enabled=&#8221;0&#8243; global_colors_info=&#8221;{}&#8221; dvmd_acat_aria_label=&#8221;Photo de l&#8217;interlocuteur Dominik Obert&#8221; sticky_enabled=&#8221;0&#8243;]<\/p>\n<div class=\"contact-section-row\"><!-- [et_pb_line_break_holder] -->  <\/p>\n<div class=\"contact-section-row-item\"><!-- [et_pb_line_break_holder] -->  <\/p>\n<h2>D&#8217;autres questions ?<\/h2>\n<p><!-- [et_pb_line_break_holder] -->  <\/p>\n<h2>Nous sommes l\u00e0 pour toi \u00e0 tout moment.<\/h2>\n<p><!-- [et_pb_line_break_holder] -->  <\/div>\n<p><!-- [et_pb_line_break_holder] -->  <\/p>\n<div class=\"contact-section-row-item\"><!-- [et_pb_line_break_holder] -->   <div id=\"vue-wordpress-app-7c990f7a-3862-42b7-81f2-690bba473040\" data-app-url=\"https:\/\/www.feinwerk-technologies.de\" data-fcaptcha-sitekey=\"FCMHA65IB64SV3PL\" data-component=\"contact-section\" data-contactsection=\"{&quot;categories&quot;:[&quot;career&quot;]}\"><\/div><!-- [et_pb_line_break_holder] -->  <\/div>\n<p><!-- [et_pb_line_break_holder] --><\/div>\n<p>[\/et_pb_code][\/et_pb_column][\/et_pb_row][\/et_pb_section]<\/p>\n","protected":false},"excerpt":{"rendered":"<p>Formation professionnelle chez feinwerkCommence ta carri\u00e8re chez feinwerk.Nous vivons le travail du m\u00e9tal.#Carri\u00e8re #Industrie m\u00e9tallurgiqueChez Feinwerk Technologies, nous t&#8217;ouvrons les portes d&#8217;un avenir professionnel prometteur. Nous offrons aux jeunes talents engag\u00e9s la possibilit\u00e9 de poser la premi\u00e8re pierre de ton succ\u00e8s personnel et professionnel gr\u00e2ce \u00e0 une formation approfondie dans des m\u00e9tiers techniques et commerciaux [&hellip;]<\/p>\n","protected":false},"author":1,"featured_media":601,"parent":0,"menu_order":0,"comment_status":"closed","ping_status":"closed","template":"","meta":{"_acf_changed":false,"_et_pb_use_builder":"on","_et_pb_old_content":"","_et_gb_content_width":"","inline_featured_image":false,"footnotes":""},"class_list":["post-1117","page","type-page","status-publish","has-post-thumbnail","hentry"],"acf":[],"tag_names":[],"category_names":[],"thumbnail":"https:\/\/www.feinwerk-technologies.de\/wp-content\/uploads\/2024\/01\/kopfmedia_feinwerk_karriere.webp","_links":{"self":[{"href":"https:\/\/www.feinwerk-technologies.de\/fr\/wp-json\/wp\/v2\/pages\/1117","targetHints":{"allow":["GET"]}}],"collection":[{"href":"https:\/\/www.feinwerk-technologies.de\/fr\/wp-json\/wp\/v2\/pages"}],"about":[{"href":"https:\/\/www.feinwerk-technologies.de\/fr\/wp-json\/wp\/v2\/types\/page"}],"author":[{"embeddable":true,"href":"https:\/\/www.feinwerk-technologies.de\/fr\/wp-json\/wp\/v2\/users\/1"}],"replies":[{"embeddable":true,"href":"https:\/\/www.feinwerk-technologies.de\/fr\/wp-json\/wp\/v2\/comments?post=1117"}],"version-history":[{"count":18,"href":"https:\/\/www.feinwerk-technologies.de\/fr\/wp-json\/wp\/v2\/pages\/1117\/revisions"}],"predecessor-version":[{"id":2312,"href":"https:\/\/www.feinwerk-technologies.de\/fr\/wp-json\/wp\/v2\/pages\/1117\/revisions\/2312"}],"wp:featuredmedia":[{"embeddable":true,"href":"https:\/\/www.feinwerk-technologies.de\/fr\/wp-json\/wp\/v2\/media\/601"}],"wp:attachment":[{"href":"https:\/\/www.feinwerk-technologies.de\/fr\/wp-json\/wp\/v2\/media?parent=1117"}],"curies":[{"name":"wp","href":"https:\/\/api.w.org\/{rel}","templated":true}]}}