{"id":1284,"date":"2024-01-31T10:39:44","date_gmt":"2024-01-31T09:39:44","guid":{"rendered":"https:\/\/feinwerk.kopfmedia.systems\/job\/formation-dagent-technico-commercial-h-f-d\/"},"modified":"2025-05-20T07:26:26","modified_gmt":"2025-05-20T05:26:26","slug":"formation-dagent-technico-commercial-h-f-d","status":"publish","type":"job","link":"https:\/\/www.feinwerk-technologies.de\/fr\/job\/formation-dagent-technico-commercial-h-f-d\/","title":{"rendered":"Formation d&#8217;agent technico-commercial (h\/f\/d)"},"content":{"rendered":"<p>[et_pb_section fb_built=&#8221;1&#8243; _builder_version=&#8221;4.24.0&#8243; _module_preset=&#8221;default&#8221; custom_margin=&#8221;||||false|false&#8221; global_colors_info=&#8221;{}&#8221;][et_pb_row make_equal=&#8221;on&#8221; _builder_version=&#8221;4.24.0&#8243; _module_preset=&#8221;default&#8221; min_height=&#8221;400px&#8221; custom_margin=&#8221;100px||||false|false&#8221; custom_padding=&#8221;45px|45px|45px|45px|true|true&#8221; global_colors_info=&#8221;{}&#8221;][et_pb_column type=&#8221;4_4&#8243; _builder_version=&#8221;4.24.0&#8243; _module_preset=&#8221;default&#8221; custom_css_main_element=&#8221;margin: auto;&#8221; global_colors_info=&#8221;{}&#8221;][et_pb_text _builder_version=&#8221;4.24.0&#8243; _module_preset=&#8221;default&#8221; header_text_color=&#8221;gcid-5ea6f707-7589-495b-ac14-f55a09689654&#8243; global_colors_info=&#8221;{%22gcid-5ea6f707-7589-495b-ac14-f55a09689654%22:%91%22header_text_color%22%93}&#8221;]<\/p>\n<h1 style=\"text-align: center;\"><span data-metadata=\"&lt;encoded_tag_open \/&gt;!--(figmeta)eyJmaWxlS2V5IjoicWJCbXNGc3VLUUR5VkE4OFpUcTQ0NSIsInBhc3RlSUQiOjE3MjYwMzE3MTksImRhdGFUeXBlIjoic2NlbmUifQo=(\/figmeta)--&lt;encoded_tag_closed \/&gt;\"><\/span>Formation d&#8217;agent technico-commercial (h\/f\/d)<\/h1>\n<p>[\/et_pb_text][\/et_pb_column][\/et_pb_row][\/et_pb_section][et_pb_section fb_built=&#8221;1&#8243; _builder_version=&#8221;4.24.0&#8243; _module_preset=&#8221;default&#8221; global_colors_info=&#8221;{}&#8221;][et_pb_row column_structure=&#8221;1_2,1_2&#8243; _builder_version=&#8221;4.24.0&#8243; _module_preset=&#8221;default&#8221; global_colors_info=&#8221;{}&#8221;][et_pb_column type=&#8221;1_2&#8243; _builder_version=&#8221;4.24.0&#8243; _module_preset=&#8221;default&#8221; custom_css_main_element=&#8221;margin:auto;&#8221; global_colors_info=&#8221;{}&#8221;][et_pb_text _builder_version=&#8221;4.24.0&#8243; _module_preset=&#8221;default&#8221; custom_margin=&#8221;||-1px|||&#8221; global_colors_info=&#8221;{}&#8221;]<\/p>\n<h2><span>D\u00e9couvre le monde du business : ta formation chez feinwerk<\/span><\/h2>\n<p>[\/et_pb_text][et_pb_text _builder_version=&#8221;4.24.0&#8243; _module_preset=&#8221;default&#8221; header_5_text_color=&#8221;gcid-5ea6f707-7589-495b-ac14-f55a09689654&#8243; global_colors_info=&#8221;{%22gcid-5ea6f707-7589-495b-ac14-f55a09689654%22:%91%22header_5_text_color%22%93}&#8221;]<\/p>\n<h5>#Carri\u00e8re #Industrie m\u00e9tallurgique<\/h5>\n<p>[\/et_pb_text][\/et_pb_column][et_pb_column type=&#8221;1_2&#8243; _builder_version=&#8221;4.24.0&#8243; _module_preset=&#8221;default&#8221; custom_css_main_element=&#8221;margin:auto;&#8221; global_colors_info=&#8221;{}&#8221;][et_pb_text _builder_version=&#8221;4.24.0&#8243; _module_preset=&#8221;default&#8221; global_colors_info=&#8221;{}&#8221;]<\/p>\n<p><span>Commence ta carri\u00e8re par une formation d&#8217;agent technico-commercial (h\/f) chez Feinwerk Technologies. Plongez dans le monde des affaires moderne, apprenez comment les entreprises fonctionnent et comment les d\u00e9cisions sont prises. Au cours de cette formation, tu acquerras des comp\u00e9tences dans les domaines de l&#8217;achat, de la vente, du marketing, des ressources humaines ainsi que de la finance et de la comptabilit\u00e9. Si tu as un talent pour l&#8217;organisation, un \u0153il pour les d\u00e9tails et une passion pour les relations \u00e9conomiques, tu es \u00e0 la bonne adresse chez nous. Nous te proposons une formation compl\u00e8te qui te permettra de d\u00e9velopper tes comp\u00e9tences commerciales et d&#8217;approfondir ta compr\u00e9hension des processus commerciaux.<\/span><\/p>\n<p>[\/et_pb_text][\/et_pb_column][\/et_pb_row][et_pb_row make_equal=&#8221;on&#8221; _builder_version=&#8221;4.24.0&#8243; _module_preset=&#8221;default&#8221; global_colors_info=&#8221;{}&#8221;][et_pb_column type=&#8221;4_4&#8243; _builder_version=&#8221;4.24.0&#8243; _module_preset=&#8221;default&#8221; custom_css_main_element=&#8221;margin:auto;&#8221; global_colors_info=&#8221;{}&#8221;][et_pb_code _builder_version=&#8221;4.27.4&#8243; _module_preset=&#8221;default&#8221; background_image=&#8221;https:\/\/www.feinwerk-technologies.de\/wp-content\/uploads\/2024\/01\/kopfmedia_feinwerk_industriekauffrau.webp&#8221; height=&#8221;600px&#8221; hover_enabled=&#8221;0&#8243; border_radii=&#8221;on|10px|10px|10px|10px&#8221; global_colors_info=&#8221;{}&#8221; dvmd_acat_aria_label=&#8221;Une jeune femme v\u00eatue d&#8217;une chemise jaune tient un classeur ouvert et sourit \u00e0 la cam\u00e9ra, avec en arri\u00e8re-plan un bureau moderne et des \u00e9tag\u00e8res.&#8221; sticky_enabled=&#8221;0&#8243;][\/et_pb_code][\/et_pb_column][\/et_pb_row][\/et_pb_section][et_pb_section fb_built=&#8221;1&#8243; _builder_version=&#8221;4.24.0&#8243; _module_preset=&#8221;default&#8221; custom_margin=&#8221;||||false|false&#8221; global_colors_info=&#8221;{}&#8221;][et_pb_row make_equal=&#8221;on&#8221; _builder_version=&#8221;4.24.0&#8243; _module_preset=&#8221;default&#8221; background_enable_color=&#8221;off&#8221; custom_margin=&#8221;0px|auto|150px|auto|false|false&#8221; custom_padding=&#8221;|0px||0px|true|true&#8221; global_colors_info=&#8221;{%22gcid-900d4a25-5d4d-4445-b994-67d8dc7f68c1%22:%91%22background_color%22%93}&#8221;][et_pb_column type=&#8221;4_4&#8243; _builder_version=&#8221;4.24.0&#8243; _module_preset=&#8221;default&#8221; custom_css_main_element=&#8221;margin: auto;&#8221; global_colors_info=&#8221;{}&#8221;][et_pb_text _builder_version=&#8221;4.24.0&#8243; _module_preset=&#8221;default&#8221; header_text_color=&#8221;gcid-5ea6f707-7589-495b-ac14-f55a09689654&#8243; global_colors_info=&#8221;{%22gcid-5ea6f707-7589-495b-ac14-f55a09689654%22:%91%22header_text_color%22%93}&#8221;]<\/p>\n<h2>Ce que tu vas apprendre<\/h2>\n<p>[\/et_pb_text][et_pb_text _builder_version=&#8221;4.24.0&#8243; _module_preset=&#8221;default&#8221; custom_css_free_form=&#8221;.badge-container .badge span{||  color: #004B93;||}&#8221; global_colors_info=&#8221;{}&#8221;]<\/p>\n<div class=\"badge-container\">\n<div class=\"badge\"><span class=\"feinwerk-icon-check\"><\/span><span>Les bases de l&#8217;achat et de la vente<\/span><\/div>\n<div class=\"badge\"><span class=\"feinwerk-icon-check\"><\/span><span>D\u00e9velopper et mettre en \u0153uvre des strat\u00e9gies marketing<\/span><\/div>\n<div class=\"badge\"><span class=\"feinwerk-icon-check\"><\/span><span>Gestion et d\u00e9veloppement des ressources humaines<\/span><\/div>\n<div class=\"badge\"><span class=\"feinwerk-icon-check\"><\/span><span>Comptabilit\u00e9 financi\u00e8re et contr\u00f4le de gestion<\/span><\/div>\n<div class=\"badge\"><span class=\"feinwerk-icon-check\"><\/span><span>Communication et suivi des clients<\/span><\/div>\n<div class=\"badge\"><span class=\"feinwerk-icon-check\"><\/span><span>Gestion de projet et organisation<\/span><\/div>\n<div class=\"badge\"><span class=\"feinwerk-icon-check\"><\/span><span>Contrats et bases juridiques<\/span><\/div>\n<div class=\"badge\"><span class=\"feinwerk-icon-check\"><\/span><span>Utilisation de syst\u00e8mes modernes de bureautique<\/span><\/div>\n<\/div>\n<p>[\/et_pb_text][\/et_pb_column][\/et_pb_row][et_pb_row make_equal=&#8221;on&#8221; _builder_version=&#8221;4.24.0&#8243; _module_preset=&#8221;default&#8221; background_enable_color=&#8221;off&#8221; custom_margin=&#8221;100px|auto|100px|auto|true|false&#8221; custom_padding=&#8221;|0px||0px|true|true&#8221; global_colors_info=&#8221;{%22gcid-900d4a25-5d4d-4445-b994-67d8dc7f68c1%22:%91%22background_color%22%93}&#8221;][et_pb_column type=&#8221;4_4&#8243; _builder_version=&#8221;4.24.0&#8243; _module_preset=&#8221;default&#8221; custom_css_main_element=&#8221;margin: auto;&#8221; global_colors_info=&#8221;{}&#8221;][et_pb_text _builder_version=&#8221;4.24.0&#8243; _module_preset=&#8221;default&#8221; header_text_color=&#8221;gcid-5ea6f707-7589-495b-ac14-f55a09689654&#8243; global_colors_info=&#8221;{%22gcid-5ea6f707-7589-495b-ac14-f55a09689654%22:%91%22header_text_color%22%93}&#8221;]<\/p>\n<h2>Ce que tu dois apporter<\/h2>\n<p>[\/et_pb_text][et_pb_text _builder_version=&#8221;4.24.0&#8243; _module_preset=&#8221;default&#8221; custom_css_free_form=&#8221;.badge-container .badge span{||  color: #004B93;||}&#8221; global_colors_info=&#8221;{}&#8221;]<\/p>\n<div class=\"badge-container\">\n<div class=\"badge\"><span class=\"feinwerk-icon-check\"><\/span><span>Int\u00e9r\u00eat pour les processus et contextes \u00e9conomiques<\/span><\/div>\n<div class=\"badge\"><span class=\"feinwerk-icon-check\"><\/span><span>Sens de l&#8217;organisation et m\u00e9thode de travail structur\u00e9e<\/span><\/div>\n<div class=\"badge\"><span class=\"feinwerk-icon-check\"><\/span><span>Capacit\u00e9 \u00e0 communiquer et \u00e0 travailler en \u00e9quipe<\/span><\/div>\n<div class=\"badge\"><span class=\"feinwerk-icon-check\"><\/span><span>Capacit\u00e9 de r\u00e9flexion analytique et affinit\u00e9 avec les chiffres<\/span><\/div>\n<div class=\"badge\"><span class=\"feinwerk-icon-check\"><\/span><span>Engagement et initiative personnelle<\/span><\/div>\n<div class=\"badge\"><span class=\"feinwerk-icon-check\"><\/span><span>Capacit\u00e9 de compr\u00e9hension rapide et volont\u00e9 d&#8217;apprendre<\/span><\/div>\n<div class=\"badge\"><span class=\"feinwerk-icon-check\"><\/span><span>Utilisation s\u00fbre des syst\u00e8mes informatiques<\/span><\/div>\n<div class=\"badge\"><span class=\"feinwerk-icon-check\"><\/span><span>Sens des responsabilit\u00e9s et fiabilit\u00e9c<\/span><\/div>\n<\/div>\n<p>[\/et_pb_text][\/et_pb_column][\/et_pb_row][et_pb_row make_equal=&#8221;on&#8221; _builder_version=&#8221;4.24.0&#8243; _module_preset=&#8221;default&#8221; background_enable_color=&#8221;off&#8221; custom_margin=&#8221;100px|auto|100px|auto|true|false&#8221; custom_padding=&#8221;|0px||0px|true|true&#8221; global_colors_info=&#8221;{%22gcid-900d4a25-5d4d-4445-b994-67d8dc7f68c1%22:%91%22background_color%22%93}&#8221;][et_pb_column type=&#8221;4_4&#8243; _builder_version=&#8221;4.24.0&#8243; _module_preset=&#8221;default&#8221; custom_css_main_element=&#8221;margin: auto;&#8221; global_colors_info=&#8221;{}&#8221;][et_pb_text _builder_version=&#8221;4.24.0&#8243; _module_preset=&#8221;default&#8221; header_text_color=&#8221;gcid-5ea6f707-7589-495b-ac14-f55a09689654&#8243; global_colors_info=&#8221;{%22gcid-5ea6f707-7589-495b-ac14-f55a09689654%22:%91%22header_text_color%22%93}&#8221;]<\/p>\n<h2>Ce que nous offrons<\/h2>\n<p>[\/et_pb_text][et_pb_text _builder_version=&#8221;4.24.0&#8243; _module_preset=&#8221;default&#8221; custom_css_free_form=&#8221;.badge-container .badge span{||  color: #004B93;||}&#8221; global_colors_info=&#8221;{}&#8221;]<\/p>\n<div class=\"badge-container\">\n<div class=\"badge\"><span class=\"feinwerk-icon-euro\"><\/span><br \/>\n<span>une r\u00e9mun\u00e9ration sup\u00e9rieure \u00e0 la moyenne et adapt\u00e9e aux prestations<\/span><\/div>\n<div class=\"badge\"><span class=\"feinwerk-icon-shield\"><\/span><br \/>\n<span>S\u00e9curit\u00e9 de l&#8217;emploi<\/span><\/div>\n<div class=\"badge\"><span class=\"feinwerk-icon-smile\"><\/span><br \/>\n<span>une ambiance de travail familiale<\/span><\/div>\n<div class=\"badge\"><span class=\"feinwerk-icon-check\"><\/span><br \/>\n<span>une culture d&#8217;entreprise valorisante<\/span><\/div>\n<\/div>\n<p>[\/et_pb_text][\/et_pb_column][\/et_pb_row][\/et_pb_section][et_pb_section fb_built=&#8221;1&#8243; _builder_version=&#8221;4.24.0&#8243; _module_preset=&#8221;default&#8221; custom_margin=&#8221;||||false|false&#8221; global_colors_info=&#8221;{}&#8221;][et_pb_row column_structure=&#8221;1_2,1_2&#8243; make_equal=&#8221;on&#8221; _builder_version=&#8221;4.24.1&#8243; _module_preset=&#8221;default&#8221; background_color=&#8221;gcid-900d4a25-5d4d-4445-b994-67d8dc7f68c1&#8243; custom_margin=&#8221;||||false|false&#8221; custom_padding=&#8221;|45px|0px|45px|false|true&#8221; border_radii=&#8221;on|10px|10px|10px|10px&#8221; global_colors_info=&#8221;{%22gcid-900d4a25-5d4d-4445-b994-67d8dc7f68c1%22:%91%22background_color%22%93}&#8221;][et_pb_column type=&#8221;1_2&#8243; _builder_version=&#8221;4.24.1&#8243; _module_preset=&#8221;default&#8221; custom_padding=&#8221;40px||40px||true|false&#8221; custom_css_main_element=&#8221;margin: auto;&#8221; global_colors_info=&#8221;{}&#8221;][et_pb_text _builder_version=&#8221;4.24.0&#8243; _module_preset=&#8221;default&#8221; header_text_color=&#8221;gcid-5ea6f707-7589-495b-ac14-f55a09689654&#8243; global_colors_info=&#8221;{%22gcid-5ea6f707-7589-495b-ac14-f55a09689654%22:%91%22header_text_color%22%93}&#8221;]<\/p>\n<h2>Postulez d\u00e8s maintenant en seulement <br \/>quelques minutes sur notre<br \/>Plateforme de candidature !<\/h2>\n<p>[\/et_pb_text][et_pb_text _builder_version=&#8221;4.24.0&#8243; _module_preset=&#8221;default&#8221; link_option_url=&#8221;https:\/\/www.feinwerk-technologies.de\/fr\/plateforme-de-candidature\/&#8221; global_colors_info=&#8221;{}&#8221;]<a href=\"https:\/\/www.feinwerk-technologies.de\/fr\/plateforme-de-candidature\/\" class=\"btn-link dark\">Postuler maintenant<\/a>[\/et_pb_text][\/et_pb_column][et_pb_column type=&#8221;1_2&#8243; _builder_version=&#8221;4.24.1&#8243; _module_preset=&#8221;default&#8221; custom_padding=&#8221;||||false|false&#8221; custom_css_main_element=&#8221;margin: auto;&#8221; global_colors_info=&#8221;{}&#8221;][et_pb_code _builder_version=&#8221;4.27.4&#8243; _module_preset=&#8221;default&#8221; background_image=&#8221;https:\/\/www.feinwerk-technologies.de\/wp-content\/uploads\/2024\/01\/kopfmedia-feinwerk-form-preview.webp&#8221; background_position=&#8221;top_center&#8221; height=&#8221;600px&#8221; height_tablet=&#8221;400px&#8221; height_phone=&#8221;400px&#8221; height_last_edited=&#8221;on|tablet&#8221; hover_enabled=&#8221;0&#8243; border_radii=&#8221;off|10px|10px||&#8221; global_colors_info=&#8221;{}&#8221; dvmd_acat_aria_label=&#8221;Image de la plateforme de candidature de Feinwerk&#8221; sticky_enabled=&#8221;0&#8243;][\/et_pb_code][\/et_pb_column][\/et_pb_row][\/et_pb_section][et_pb_section fb_built=&#8221;1&#8243; _builder_version=&#8221;4.24.0&#8243; _module_preset=&#8221;default&#8221; custom_margin=&#8221;||||false|false&#8221; locked=&#8221;off&#8221; global_colors_info=&#8221;{}&#8221;][et_pb_row make_equal=&#8221;on&#8221; _builder_version=&#8221;4.24.0&#8243; _module_preset=&#8221;default&#8221; global_colors_info=&#8221;{}&#8221;][et_pb_column type=&#8221;4_4&#8243; _builder_version=&#8221;4.24.0&#8243; _module_preset=&#8221;default&#8221; custom_css_main_element=&#8221;margin: auto;&#8221; global_colors_info=&#8221;{}&#8221;][et_pb_code _builder_version=&#8221;4.24.0&#8243; _module_preset=&#8221;default&#8221; global_colors_info=&#8221;{}&#8221;][\/et_pb_code][et_pb_code _builder_version=&#8221;4.27.4&#8243; _module_preset=&#8221;default&#8221; hover_enabled=&#8221;0&#8243; global_colors_info=&#8221;{}&#8221; dvmd_acat_aria_label=&#8221;Interlocuteur Dominik Obert en costume sur fond gris&#8221; sticky_enabled=&#8221;0&#8243;]<\/p>\n<div class=\"contact-section-row\"><!-- [et_pb_line_break_holder] -->  <\/p>\n<div class=\"contact-section-row-item\"><!-- [et_pb_line_break_holder] -->  <\/p>\n<h2>D&#8217;autres questions ?<\/h2>\n<p><!-- [et_pb_line_break_holder] -->  <\/p>\n<h2>Nous sommes l\u00e0 pour toi \u00e0 tout moment.<\/h2>\n<p><!-- [et_pb_line_break_holder] -->  <\/div>\n<p><!-- [et_pb_line_break_holder] -->  <\/p>\n<div class=\"contact-section-row-item\"><!-- [et_pb_line_break_holder] -->   <div id=\"vue-wordpress-app-33e97c15-bc54-4438-b255-8200643ee295\" data-app-url=\"https:\/\/www.feinwerk-technologies.de\" data-fcaptcha-sitekey=\"FCMHA65IB64SV3PL\" data-component=\"contact-section\" data-contactsection=\"{&quot;categories&quot;:[&quot;career&quot;]}\"><\/div><!-- [et_pb_line_break_holder] -->  <\/div>\n<p><!-- [et_pb_line_break_holder] --><\/div>\n<p>[\/et_pb_code][\/et_pb_column][\/et_pb_row][\/et_pb_section]<\/p>\n","protected":false},"featured_media":920,"template":"","meta":{"_acf_changed":false,"_et_pb_use_builder":"on","_et_pb_old_content":"","_et_gb_content_width":"","inline_featured_image":false,"footnotes":""},"job_offer_type":[38],"class_list":["post-1284","job","type-job","status-publish","has-post-thumbnail","hentry","job_offer_type-formation-professionelle"],"acf":[],"tag_names":[],"category_names":[],"thumbnail":"https:\/\/www.feinwerk-technologies.de\/wp-content\/uploads\/2024\/01\/kopfmedia_feinwerk_industriekauffrau.webp","job_start":"d\u00e8s maintenant","job_location":"Kehl","_links":{"self":[{"href":"https:\/\/www.feinwerk-technologies.de\/fr\/wp-json\/wp\/v2\/job\/1284","targetHints":{"allow":["GET"]}}],"collection":[{"href":"https:\/\/www.feinwerk-technologies.de\/fr\/wp-json\/wp\/v2\/job"}],"about":[{"href":"https:\/\/www.feinwerk-technologies.de\/fr\/wp-json\/wp\/v2\/types\/job"}],"version-history":[{"count":11,"href":"https:\/\/www.feinwerk-technologies.de\/fr\/wp-json\/wp\/v2\/job\/1284\/revisions"}],"predecessor-version":[{"id":2199,"href":"https:\/\/www.feinwerk-technologies.de\/fr\/wp-json\/wp\/v2\/job\/1284\/revisions\/2199"}],"wp:featuredmedia":[{"embeddable":true,"href":"https:\/\/www.feinwerk-technologies.de\/fr\/wp-json\/wp\/v2\/media\/920"}],"wp:attachment":[{"href":"https:\/\/www.feinwerk-technologies.de\/fr\/wp-json\/wp\/v2\/media?parent=1284"}],"wp:term":[{"taxonomy":"job_offer_type","embeddable":true,"href":"https:\/\/www.feinwerk-technologies.de\/fr\/wp-json\/wp\/v2\/job_offer_type?post=1284"}],"curies":[{"name":"wp","href":"https:\/\/api.w.org\/{rel}","templated":true}]}}