{"id":1737,"date":"2024-02-22T14:51:06","date_gmt":"2024-02-22T13:51:06","guid":{"rendered":"https:\/\/www.feinwerk-technologies.de\/?page_id=1737"},"modified":"2024-02-28T11:02:15","modified_gmt":"2024-02-28T10:02:15","slug":"privacy-policy","status":"publish","type":"page","link":"https:\/\/www.feinwerk-technologies.de\/en\/privacy-policy\/","title":{"rendered":"Privacy Policy"},"content":{"rendered":"<p>[et_pb_section fb_built=&#8221;1&#8243; _builder_version=&#8221;4.24.0&#8243; _module_preset=&#8221;default&#8221; custom_margin=&#8221;||||false|false&#8221; global_colors_info=&#8221;{}&#8221;][et_pb_row make_equal=&#8221;on&#8221; _builder_version=&#8221;4.24.1&#8243; _module_preset=&#8221;default&#8221; min_height=&#8221;unset&#8221; custom_margin=&#8221;100px||||false|false&#8221; custom_padding=&#8221;45px|45px|45px|45px|true|true&#8221; global_colors_info=&#8221;{}&#8221;][et_pb_column type=&#8221;4_4&#8243; _builder_version=&#8221;4.24.0&#8243; _module_preset=&#8221;default&#8221; custom_css_main_element=&#8221;margin: auto;&#8221; global_colors_info=&#8221;{}&#8221;][et_pb_text _builder_version=&#8221;4.24.0&#8243; _module_preset=&#8221;default&#8221; header_text_color=&#8221;gcid-5ea6f707-7589-495b-ac14-f55a09689654&#8243; global_colors_info=&#8221;{%22gcid-5ea6f707-7589-495b-ac14-f55a09689654%22:%91%22header_text_color%22%93}&#8221;]<\/p>\n<h1 style=\"text-align: center;\">Datenschutz<\/h1>\n<p>[\/et_pb_text][\/et_pb_column][\/et_pb_row][\/et_pb_section][et_pb_section fb_built=&#8221;1&#8243; theme_builder_area=&#8221;post_content&#8221; _builder_version=&#8221;4.24.1&#8243; _module_preset=&#8221;default&#8221;][et_pb_row _builder_version=&#8221;4.24.1&#8243; _module_preset=&#8221;default&#8221; theme_builder_area=&#8221;post_content&#8221;][et_pb_column _builder_version=&#8221;4.24.1&#8243; _module_preset=&#8221;default&#8221; type=&#8221;4_4&#8243; theme_builder_area=&#8221;post_content&#8221;][et_pb_text _builder_version=&#8221;4.24.1&#8243; _module_preset=&#8221;default&#8221; theme_builder_area=&#8221;post_content&#8221; hover_enabled=&#8221;0&#8243; sticky_enabled=&#8221;0&#8243;]Wie wir mit Ihren personenbezogenen Daten umgehen, erl\u00e4utern wir Ihnen in dieser Datenschutzerkl\u00e4rung. Ma\u00dfgabe ist das geltende Datenschutzrecht, insbesondere die Datenschutz-Grundverordnung (DSGVO). Mit Ausnahme der Dienstleister und Drittanbieter, die wir in dieser Datenschutzerkl\u00e4rung benennen, geben wir keine Daten an Dritte weiter. Wenn Sie Fragen haben, sprechen Sie uns gerne an.<\/p>\n<h2>Inhalt<\/h2>\n<ul>\n<li class=\"first\"><a href=\"#verantwortlicher\">Verantwortlicher<\/a><\/li>\n<li><a href=\"#allgemeine-informationen\">Allgemeine Informationen<\/a><\/li>\n<li><a href=\"#datenverarbeitung-beim-aufruf-der-webseite\">Datenverarbeitung beim Aufruf der Webseite<\/a><\/li>\n<li><a href=\"#cookies-zaehlpixel-und-mobile-identifier\">Cookies, Z\u00e4hlpixel und Mobile Identifier<\/a><\/li>\n<li><a href=\"#kontaktaufnahme\">Kontaktaufnahme<\/a><\/li>\n<li><a href=\"#newsletter\">Newsletter<\/a><\/li>\n<li><a href=\"#stellenbewerbungen\">Stellenbewerbungen<\/a><\/li>\n<li><a href=\"#weitere-drittdienste\">Weitere Drittdienste<\/a><\/li>\n<li><a href=\"#profile-in-sozialen-netzwerken\">Profile in sozialen Netzwerken<\/a><\/li>\n<li class=\"last\"><a href=\"#rechte-betroffener-personen\">Rechte betroffener Personen<\/a><\/li>\n<\/ul>\n<h2 id=\"verantwortlicher\">Verantwortlicher<\/h2>\n<p>Verantwortlich f\u00fcr die Datenverarbeitung ist<\/p>\n<p>Feinwerk Technologies GmbH<br \/>\nZunftstr. 20<br \/>\n77694 Kehl-Marlen<\/p>\n<h2 id=\"allgemeine-informationen\">Allgemeine Informationen<\/h2>\n<div><strong>Bereitstellung von Daten<br \/>\n<\/strong><\/div>\n<div>\n<p>F\u00fcr eine Nutzung unserer Webseite ist in der Regel weder gesetzlich noch vertraglich vorgeschrieben, personenbezogene Daten zur Verf\u00fcgung stellen. Soweit eine Bereitstellung von Daten f\u00fcr einen Vertragsabschluss erforderlich ist oder der Nutzer dazu verpflichtet ist, personenbezogene Daten bereitzustellen, teilen wir diesen Umstand und welche Folgen die Nichtbereitstellung h\u00e4tte in dieser Datenschutzerkl\u00e4rung mit.<\/p>\n<\/div>\n<div>\n<p><strong>Daten\u00fcbermittlung an Drittl\u00e4nder<\/strong><\/p>\n<\/div>\n<div>\n<p>Es ist m\u00f6glich, dass wir Dienstleister und Drittanbieter einsetzen, die in L\u00e4ndern au\u00dferhalb der Europ\u00e4ischen Union und des Europ\u00e4ischen Wirtschaftsraums ans\u00e4ssig sind. Die \u00dcbermittlung personenbezogener Daten in solche Drittl\u00e4nder erfolgt, sofern nicht eine Einwilligung des Nutzers in die Daten\u00fcbermittlung vorliegt, auf der Grundlage eines Angemessenheitsbeschlusses der Europ\u00e4ischen Kommission (Art. 45 DSGVO) oder wir haben geeignete Garantien vorgesehen, um den Datenschutz sicherzustellen (Art. 46 DSGVO). Soweit ein Angemessenheitsbeschluss der Europ\u00e4ischen Kommission f\u00fcr die Daten\u00fcbermittlung in ein Drittland vorhanden ist, weisen wir in dieser Datenschutzerkl\u00e4rung darauf hin. Im \u00dcbrigen gilt, dass Nutzer eine Kopie der geeigneten Garantien, soweit diese nicht bereits in den Datenschutzerkl\u00e4rungen der Dienstleister oder Drittanbieter enthalten ist, \u00fcber uns beziehen k\u00f6nnen.<\/p>\n<\/div>\n<div><strong>Automatisierte Entscheidungsfindung<br \/>\n<\/strong><\/div>\n<div>\n<p>Sollten wir eine automatisierte Entscheidungsfindung einschlie\u00dflich Profiling vornehmen, informieren wir in dieser Datenschutzerkl\u00e4rung \u00fcber diesen Umstand, \u00fcber die involvierte Logik sowie die Tragweite und die angestrebten Auswirkungen einer derartigen Verarbeitung. Im \u00dcbrigen findet eine automatisierte Entscheidungsfindung nicht statt.<\/p>\n<\/div>\n<div><strong>Verarbeitung zu anderen Zwecken<br \/>\n<\/strong><\/div>\n<div>Daten werden grunds\u00e4tzlich nur zu den Zwecken verarbeitet, f\u00fcr die sie erhoben wurden. Sollen sie ausnahmsweise zu anderen Zwecken weiterverarbeitet werden, informieren wir vor dieser Weiterverarbeitung \u00fcber diese anderen Zwecke und stellen alle anderen ma\u00dfgeblichen Informationen zur Verf\u00fcgung (Art. 13 Abs. 3 DSGVO).<\/div>\n<h2 id=\"datenverarbeitung-beim-aufruf-der-webseite\">Datenverarbeitung beim Aufruf der Webseite<\/h2>\n<p>Bei jedem Aufruf unserer Webseite \u00fcbertr\u00e4gt der Browser des Nutzers verschiedene Daten. F\u00fcr die Dauer des Besuchs der Webseite werden die folgenden Daten verarbeitet und in Logfiles auch \u00fcber ein Ende der Verbindung hinaus gespeichert:<\/p>\n<ul>\n<li>Browsertyp und verwendete -version<\/li>\n<li>Betriebssystem<\/li>\n<li>Abgerufene Seiten und Dateien<\/li>\n<li>\u00dcbertragene Datenmenge<\/li>\n<li>Datum und Uhrzeit des Abrufs<\/li>\n<li>Provider des Nutzers<\/li>\n<li>IP-Adresse<\/li>\n<li>Referrer URL<\/li>\n<\/ul>\n<p>Die Verarbeitung dieser Daten ist erforderlich, um die Webseite an den Nutzer ausliefern zu k\u00f6nnen und f\u00fcr sein Endger\u00e4t zu optimieren. Die Speicherung in Logfiles dient der Verbesserung der Sicherheit unserer Webseite (z.B. Schutz vor DDOS-Angriffen).<\/p>\n<p>Rechtsgrundlage f\u00fcr die Verarbeitung ist Art. 6 Abs. 1 UAbs. 1 Buchst. f) DSGVO. Unser berechtigtes Interesse besteht in der Bereitstellung der Webseite und der Verbesserung der Webseitensicherheit. Logfiles werden nach 14 Tagen automatisch gel\u00f6scht.<\/p>\n<h2 id=\"cookies-zaehlpixel-und-mobile-identifier\">Cookies, Z\u00e4hlpixel und Mobile Identifier<\/h2>\n<p>Auf unserer Webseite setzen wir Technologien ein, um das genutzte Endger\u00e4t wiederzuerkennen. Es kann sich dabei um Cookies, Z\u00e4hlpixel und\/oder Mobile Identifier handeln.<\/p>\n<p>Das Wiedererkennen eines Endger\u00e4ts kann grunds\u00e4tzlich zu unterschiedlichen Zwecken erfolgen. Es kann notwendig sein, um Funktionen unserer Webseite bereitzustellen, beispielsweise um einen Warenkorb zur Verf\u00fcgung zu stellen. Dar\u00fcber hinaus k\u00f6nnen die genannten Technologien dazu genutzt werden, um das Verhalten von Nutzern auf der Seite nachzuvollziehen, beispielsweise zu Werbezwecken. Welche Technologien wir im Einzelnen nutzen und zu welchen Zwecken, beschreiben wir in dieser Datenschutzerkl\u00e4rung gesondert.<\/p>\n<p>F\u00fcr ein besseres Verst\u00e4ndnis erl\u00e4utern wir nachfolgend allgemein, wie Cookies, Z\u00e4hlpixel und Mobile Identifier funktionieren:<\/p>\n<ul>\n<li>Cookies sind kleine Textdateien, die bestimmte Informationen beinhalten und auf dem Endger\u00e4t des Nutzers gespeichert werden. Zumeist handelt es sich um eine Identifikationsnummer, die einem Endger\u00e4t zugewiesen wird (Cookie ID).<\/li>\n<li>Bei einem Z\u00e4hlpixel handelt es sich um eine transparente Grafikdatei, die auf einer Seite eingebunden wird und eine Logdateianalyse erm\u00f6glicht.<\/li>\n<li>Ein Mobile Identifier ist eine einzigartige Nummer (Mobile ID), die auf einem mobilen Endger\u00e4t gespeichert ist und durch eine Webseite ausgelesen werden kann.<\/li>\n<\/ul>\n<p>Cookies k\u00f6nnen erforderlich sein, damit unsere Webseite ordnungsgem\u00e4\u00df funktioniert. Rechtsgrundlage f\u00fcr den Einsatz derartiger Cookies ist Art. 6 Abs. 1 UAbs. 1 Buchst. f) DSGVO. Unser berechtigtes Interesse besteht in der Bereitstellung der Funktionen unserer Webseite.<\/p>\n<p>F\u00fcr den Betrieb unserer Webseite nicht erforderliche Cookies setzen wir ein, um unser Angebot nutzerfreundlicher zu machen oder die Nutzung unserer Webseite nachvollziehen zu k\u00f6nnen. Die Rechtsgrundlage richtet sich hier danach, ob die Einwilligung des Nutzers einzuholen ist oder wir uns auf ein berechtigtes Interesse berufen k\u00f6nnen. Eine erteilte Einwilligung kann der Nutzer unter anderem durch die Einstellungen in seinem Browser jederzeit widerrufen.<\/p>\n<p>Der Nutzer kann der Verarbeitung von Daten mithilfe von Cookies durch entsprechende Einstellungen in seinem Browser verhindern und ihr widersprechen. Im Falle des Widerspruchs kann es sein, dass nicht alle Funktionen unserer Webseite zur Verf\u00fcgung stehen. \u00dcber weitere M\u00f6glichkeiten des Widerspruchs gegen die Verarbeitung personenbezogener Daten durch Cookies informieren wir in dieser Datenschutzerkl\u00e4rung gesondert. Gegebenenfalls stellen wir Links bereit, mit denen ein Widerspruch erkl\u00e4rt werden kann. Diese sind mit &#8220;Opt-Out&#8221; beschriftet.<\/p>\n<h2 id=\"kontaktaufnahme\">Kontaktaufnahme<\/h2>\n<p>Im Falle einer Kontaktaufnahme verarbeiten wir die Angaben des Nutzers, Datum und Uhrzeit zum Zwecke der Bearbeitung der Anfrage einschlie\u00dflich eventueller R\u00fcckfragen.<\/p>\n<p>Rechtsgrundlage f\u00fcr die Datenverarbeitung ist Art. 6 Abs. 1 UAbs. 1 Buchst. f) DSGVO. Unser berechtigtes Interesse besteht in der Beantwortung der Anfragen unserer Nutzer. Zus\u00e4tzliche Rechtsgrundlage ist Art. 6 Abs. 1 UAbs. 1 Buchst. b) DSGVO, wenn die Verarbeitung f\u00fcr die Erf\u00fcllung eines Vertrags oder zur Durchf\u00fchrung vorvertraglicher Ma\u00dfnahmen erforderlich ist.<\/p>\n<p>Die Daten werden gel\u00f6scht, sobald die Anfrage einschlie\u00dflich etwaiger R\u00fcckfragen beantwortet ist. Wir \u00fcberpr\u00fcfen in regelm\u00e4\u00dfigen Abst\u00e4nden, mindestens aber alle zwei Jahre, ob im Zusammenhang mit Kontaktaufnahmen angefallene Daten zu l\u00f6schen sind.<\/p>\n<h2 id=\"newsletter\">Newsletter<\/h2>\n<p>Nutzer haben die M\u00f6glichkeit, sich auf unserer Seite f\u00fcr Newsletter anzumelden. Dabei verarbeiten wir die bei der Anmeldung eingegebenen Daten, um eine Best\u00e4tigungsmail an die E-Mail-Adresse des Nutzers senden zu k\u00f6nnen. Nach der Best\u00e4tigung verarbeiten wir die Daten, um Newsletter versenden zu k\u00f6nnen. Zum Zwecke der Personalisierung verarbeiten wir gegebenenfalls auch den Namen des Nutzers, sofern der Nutzer diesen angegeben hat.<\/p>\n<p>Mit der Anmeldung werden Datum und Uhrzeit sowie die IP-Adresse des Nutzers gespeichert, um eine Eintragung nachweisen zu k\u00f6nnen. Diese Daten verarbeiten wir nach Abmeldung zu Nachweiszwecken weiter und l\u00f6schen sie nach Ablauf von drei Jahren zum Schluss des Jahres.<\/p>\n<p>Rechtsgrundlage f\u00fcr die Verarbeitung ist die Einwilligung des Nutzers nach Art. 6 Abs. 1 UAbs. 1 Buchst. a) DSGVO. Im \u00dcbrigen erfolgt die Verarbeitung nach Art. 6 Abs. 1 UAbs. 1 Buchst. f) DSGVO. Berechtigte Interessen unsererseits sind der Versand von Newslettern, die personalisierte Ansprache des Nutzers und der Nachweis, dass sich der Nutzer f\u00fcr den Newsletter angemeldet hat.<\/p>\n<h2 id=\"stellenbewerbungen\">Stellenbewerbungen<\/h2>\n<p>Wenn sich Nutzer auf eine Stelle bewerben, verarbeiten wir personenbezogene Daten zum Zweck des Bewerbungsverfahrens. Neben den Daten, die durch den Nutzer \u00fcbermittelt werden, verarbeiten wir weitere Daten, die im Laufe des Bewerbungsverfahrens anfallen (z.B. bei einem Vorstellungsgespr\u00e4ch). Sollten wir Daten in einen Bewerberpool aufnehmen, geschieht dies nur auf Grundlage einer vorherigen Einwilligung des Nutzers. In diesem Falle werden die Daten \u00fcber den Abschluss des Bewerbungsverfahrens hinaus verarbeitet, damit bei passenden Stellenangeboten eine Kontaktaufnahme erfolgen kann.<\/p>\n<p>Bewerberdaten werden drei Monate nach Abschluss des Bewerbungsverfahrens gel\u00f6scht. Bei einer Aufnahme in einen Bewerberpool werden die Daten h\u00f6chstens zwei Jahre aufbewahrt, wenn nicht zuvor die erteilte Einwilligung widerrufen wird.<\/p>\n<p>Rechtsgrundlage f\u00fcr die Verarbeitung ist Art. 6 Abs. 1 UAbs. 1 Buchst. b) DSGVO. Im Falle einer erteilten Einwilligung f\u00fcr die Aufnahme in einen Bewerberpool beruht die Verarbeitung auf Art. 6 Abs. 1 UAbs. 1 Buchst. a) DSGVO. Nach Beendigung des Bewerbungsverfahrens erfolgt die Verarbeitung auf Grundlage von Art. 6 Abs. 1 UAbs. 1 Buchst. f) DSGVO. Unser berechtigtes Interesse besteht in der Abwehr m\u00f6glicher Anspr\u00fcche nach dem Allgemeinen Gleichbehandlungsgesetz.<\/p>\n<h2 id=\"weitere-drittdienste\">Weitere Drittdienste<\/h2>\n<p>&nbsp;<\/p>\n<p><strong>Google Analytics<\/strong><\/p>\n<p>Zu Analyse der Nutzung unserer Webseite setzen wir Google Analytics ein. Anbieter: Google Ireland Ltd., Google Building Gordon House, 4 Barrow St, Dublin, D04 E5W5, Irland.<\/p>\n<p>Um Aktivit\u00e4ten des Nutzers auf der Webseite nachverfolgen zu k\u00f6nnen, wird ein Cookie auf dem Endger\u00e4t gesetzt. Wir nutzen Google Analytics mit der Erweiterung <em>anonymize IP<\/em>. Die IP-Adresse des Nutzers wird automatisch gek\u00fcrzt, bevor sie an Server in den USA \u00fcbertragen wird. Ausgewertet werden unter anderem der ungef\u00e4hre geografische Standort, Endger\u00e4t, Bildschirmaufl\u00f6sung, Browser sowie besuchte Seiten einschlie\u00dflich der Verweildauer.<\/p>\n<p>Soweit wir eine Einwilligung des Nutzers einholen, erfolgt die Verarbeitung von Daten auf der Rechtsgrundlage des Art. 6 Abs. 1 UAbs. 1 Buchst. a) DSGVO. Im \u00dcbrigen beruht sie auf Art. 6 Abs. 1 UAbs. 1 Buchst. f) DSGVO. Unser berechtigtes Interesse besteht in der Optimierung unserer Webseite, der Verbesserung unserer Angebote und dem Online-Marketing.<\/p>\n<p>Die durch Google Analytics gesammelten Daten werden nach Ablauf von 14 Monaten automatisch gel\u00f6scht.<\/p>\n<p><a href=\"https:\/\/tools.google.com\/dlpage\/gaoptout?hl=de\">Opt-Out<\/a><\/p>\n<p><a href=\"https:\/\/policies.google.com\/privacy?hl=de\">Datenschutzerkl\u00e4rung von Google Analytics<\/a><\/p>\n<p><strong>Matomo Analytics<\/strong><\/p>\n<p>Die Reichweite unserer Webseite messen wir mit Matomo, einem Open-Source-Tool, das wir auf unserem eigenen Server betreiben.<\/p>\n<p>Dabei wird ggf. ein Cookie auf dem Endger\u00e4t des Nutzers gesetzt, \u00fcber das die Aktivit\u00e4ten nachverfolgt und beispielsweise wiederkehrende Besuche erkannt werden k\u00f6nnen. Die IP-Adresse des Nutzers wird automatisch gek\u00fcrzt, damit ist ein R\u00fcckschluss auf einzelne Personen nicht mehr m\u00f6glich. Ausgewertet werden unter anderem der ungef\u00e4hre geografische Standort, Endger\u00e4t, Bildschirmaufl\u00f6sung, Browser sowie besuchte Seiten einschlie\u00dflich der Verweildauer.<\/p>\n<p>Soweit wir eine Einwilligung des Nutzers einholen, erfolgt die Verarbeitung von Daten auf der Rechtsgrundlage des Art. 6 Abs. 1 UAbs. 1 Buchst. a) DSGVO. Im \u00dcbrigen beruht sie auf Art. 6 Abs. 1 UAbs. 1 Buchst. f) DSGVO. Unser berechtigtes Interesse besteht in der Optimierung unserer Webseite, der Verbesserung unserer Angebote und dem Online-Marketing.<\/p>\n<div id=\"matomo-opt-out\"><\/div>\n<p><script src=\"https:\/\/matomo.kopfmedia.de\/index.php?module=CoreAdminHome&amp;action=optOutJS&amp;divId=matomo-opt-out&amp;language=auto&amp;showIntro=1\"><\/script><\/p>\n<p><strong>Sendgrid<\/strong><\/p>\n<p>Zur Verbesserung der Kommunikation mit unseren Nutzern setzen wir Sendgrid ein. Anbieter: Twilio Inc., 645 Harrison Street, Third Floor, San Francisco, CA 94107, USA.<\/p>\n<p>Mit Sendgrid k\u00f6nnen wir E-Mails an Nutzer versenden. Dabei verarbeiten wir die bei der Anmeldung eingegebenen Daten, um eine Best\u00e4tigungsmail an die E-Mail-Adresse des Nutzers senden zu k\u00f6nnen. Nach der Best\u00e4tigung verarbeiten wir die Daten, um E-Mails versenden zu k\u00f6nnen. Zum Zwecke der Personalisierung verarbeiten wir gegebenenfalls auch den Namen des Nutzers, sofern dieser angegeben wurde.<\/p>\n<p>Soweit wir eine Einwilligung des Nutzers einholen, erfolgt die Verarbeitung von Daten auf der Rechtsgrundlage des Art. 6 Abs. 1 UAbs. 1 Buchst. a) DSGVO. Im \u00dcbrigen beruht sie auf Art. 6 Abs. 1 UAbs. 1 Buchst. f) DSGVO. Unser berechtigtes Interesse besteht in einer einfachen und effizienten Kommunikation mit unseren Nutzern.<\/p>\n<p>Zum Schutz personenbezogener Daten haben wir mit Twilio von der EU-Kommission genehmigte Standardvertragsklauseln abgeschlossen: <a href=\"https:\/\/www.twilio.com\/legal\/data-protection-addendum\" rel=\"noopener noreferrer nofollow\">https:\/\/www.twilio.com\/legal\/data-protection-addendum<\/a><\/p>\n<p><a href=\"https:\/\/www.twilio.com\/legal\/privacy\">Datenschutzerkl\u00e4rung von Sendgrid<\/a><\/p>\n<h2 id=\"profile-in-sozialen-netzwerken\">Profile in sozialen Netzwerken<\/h2>\n<p>Wir sind in einem oder mehreren sozialen Netzwerken pr\u00e4sent. Im Einzelnen handelt es sich um: Facebook, Instagram oder LinkedIn. Bei einer Kontaktaufnahme verarbeiten wir personenbezogene Daten wie oben unter Kontaktaufnahme beschrieben.<\/p>\n<p>Die Anbieter von sozialen Netzwerken verarbeiten Daten entsprechend ihrer Datenschutzbestimmungen, die hier aufgerufen werden k\u00f6nnen:<\/p>\n<p>&nbsp;<\/p>\n<ul>\n<li><a href=\"https:\/\/facebook.com\/policy.php\" target=\"_blank\" rel=\"noopener\">Facebook<\/a><\/li>\n<li><a href=\"https:\/\/de-de.facebook.com\/help\/instagram\/155833707900388\" target=\"_blank\" rel=\"noopener\">Instagram<\/a><\/li>\n<li><a href=\"https:\/\/www.linkedin.com\/legal\/privacy-policy?_l=de_DE\" target=\"_blank\" rel=\"noopener\">LinkedIn<\/a><\/li>\n<\/ul>\n<p>Ist ein Nutzer mit seinem Account eingeloggt, k\u00f6nnen ihm die Aktivit\u00e4ten auf unserem Profil in dem jeweiligen sozialen Netzwerk gegebenenfalls zugeordnet werden. Dies kann ger\u00e4te\u00fcbergreifend und ggf. auch ohne Login erfolgen, beispielsweise unter Verwendung von Cookies oder Mobile Identifiern. Die Anbieter sozialer Netzwerke erstellen anhand der gesammelten Daten pseudonymisierte Nutzerprofile, mit denen sie insbesondere personalisierte Werbung ausspielen k\u00f6nnen.<\/p>\n<h2 id=\"rechte-betroffener-personen\">Rechte betroffener Personen<\/h2>\n<p>Werden personenbezogene Daten des Nutzers verarbeitet, ist er betroffene Person im Sinne der DSGVO. Betroffenen Personen stehen die folgenden Rechte zu:<\/p>\n<p><strong>Recht auf Auskunft:<\/strong> Die betroffene Person hat das Recht, eine Best\u00e4tigung dar\u00fcber zu verlangen, ob sie betreffende personenbezogene Daten verarbeitet werden. Werden personenbezogene Daten verarbeitet, so hat die betroffene Person ein Recht auf unentgeltliche Auskunft sowie auf eine Kopie der personenbezogenen Daten, die Gegenstand der Verarbeitung sind.<\/p>\n<p><strong>Recht auf Berichtigung:<\/strong> Die betroffene Person hat das Recht, die unverz\u00fcgliche Berichtigung unrichtiger oder Vervollst\u00e4ndigung unvollst\u00e4ndiger personenbezogener Daten zu verlangen.<\/p>\n<p><strong>Recht auf L\u00f6schung:<\/strong> Die betroffene Person hat das Recht, nach Ma\u00dfgabe der gesetzlichen Bestimmungen eine unverz\u00fcgliche L\u00f6schung sie betreffender personenbezogener Daten zu verlangen.<\/p>\n<p><strong>Recht auf Einschr\u00e4nkung der Verarbeitung:<\/strong> Die betroffene Person hat das Recht, nach Ma\u00dfgabe der gesetzlichen Bestimmungen eine Einschr\u00e4nkung der Verarbeitung sie betreffender personenbezogener Daten zu verlangen.<\/p>\n<p><strong>Recht auf Daten\u00fcbertragbarkeit:<\/strong> Die betroffene Person hat das Recht, die sie betreffenden personenbezogenen Daten in einem strukturierten, g\u00e4ngigen und maschinenlesbaren Format zu erhalten oder eine \u00dcbermittlung an einen anderen Verantwortlichen zu verlangen.<\/p>\n<p><strong>Recht auf Widerspruch:<\/strong> Die betroffene Person hat das Recht, aus Gr\u00fcnden, die sich aus ihrer besonderen Situation ergeben, jederzeit gegen die Verarbeitung sie betreffender personenbezogener Daten, die aufgrund von Art. 6 Abs. 1 UAbs. 1 Buchst. e) oder f) DSGVO erfolgt, Widerspruch einzulegen; dies gilt auch f\u00fcr ein auf diese Bestimmungen gest\u00fctztes Profiling. Werden personenbezogene Daten verarbeitet, um Direktwerbung zu betreiben, so hat die betroffene Person das Recht, jederzeit Widerspruch gegen die Verarbeitung sie betreffender personenbezogener Daten zum Zwecke derartiger Werbung einzulegen; dies gilt auch f\u00fcr das Profiling, soweit es mit solcher Direktwerbung in Verbindung steht.<\/p>\n<p><strong>Recht auf Widerruf:<\/strong> Die betroffene Person hat das Recht, ihre erteilte Einwilligung jederzeit zu widerrufen.<\/p>\n<p><strong>Recht auf Beschwerde:<\/strong> Die betroffene Person hat das Recht, sich bei einer Aufsichtsbeh\u00f6rde zu beschweren.<\/p>\n<p><strong>Stand der Datenschutzerkl\u00e4rung:<\/strong> 22. Februar 2024[\/et_pb_text][\/et_pb_column][\/et_pb_row][\/et_pb_section]<\/p>\n","protected":false},"excerpt":{"rendered":"<p>DatenschutzWie wir mit Ihren personenbezogenen Daten umgehen, erl\u00e4utern wir Ihnen in dieser Datenschutzerkl\u00e4rung. Ma\u00dfgabe ist das geltende Datenschutzrecht, insbesondere die Datenschutz-Grundverordnung (DSGVO). Mit Ausnahme der Dienstleister und Drittanbieter, die wir in dieser Datenschutzerkl\u00e4rung benennen, geben wir keine Daten an Dritte weiter. Wenn Sie Fragen haben, sprechen Sie uns gerne an. Inhalt Verantwortlicher Allgemeine Informationen Datenverarbeitung [&hellip;]<\/p>\n","protected":false},"author":1,"featured_media":0,"parent":0,"menu_order":0,"comment_status":"closed","ping_status":"closed","template":"","meta":{"_acf_changed":false,"_et_pb_use_builder":"on","_et_pb_old_content":"","_et_gb_content_width":"","inline_featured_image":false,"footnotes":""},"class_list":["post-1737","page","type-page","status-publish","hentry"],"acf":[],"tag_names":[],"category_names":[],"thumbnail":false,"_links":{"self":[{"href":"https:\/\/www.feinwerk-technologies.de\/en\/wp-json\/wp\/v2\/pages\/1737","targetHints":{"allow":["GET"]}}],"collection":[{"href":"https:\/\/www.feinwerk-technologies.de\/en\/wp-json\/wp\/v2\/pages"}],"about":[{"href":"https:\/\/www.feinwerk-technologies.de\/en\/wp-json\/wp\/v2\/types\/page"}],"author":[{"embeddable":true,"href":"https:\/\/www.feinwerk-technologies.de\/en\/wp-json\/wp\/v2\/users\/1"}],"replies":[{"embeddable":true,"href":"https:\/\/www.feinwerk-technologies.de\/en\/wp-json\/wp\/v2\/comments?post=1737"}],"version-history":[{"count":9,"href":"https:\/\/www.feinwerk-technologies.de\/en\/wp-json\/wp\/v2\/pages\/1737\/revisions"}],"predecessor-version":[{"id":1762,"href":"https:\/\/www.feinwerk-technologies.de\/en\/wp-json\/wp\/v2\/pages\/1737\/revisions\/1762"}],"wp:attachment":[{"href":"https:\/\/www.feinwerk-technologies.de\/en\/wp-json\/wp\/v2\/media?parent=1737"}],"curies":[{"name":"wp","href":"https:\/\/api.w.org\/{rel}","templated":true}]}}